{"id":20,"date":"2018-05-18T20:40:47","date_gmt":"2018-05-18T20:40:47","guid":{"rendered":"http:\/\/banuozelustun.com\/?page_id=20"},"modified":"2023-12-13T00:04:39","modified_gmt":"2023-12-12T21:04:39","slug":"hakkimda","status":"publish","type":"page","link":"https:\/\/banuozelustun.com\/?page_id=20","title":{"rendered":"Ekibimiz"},"content":{"rendered":"\n<figure class=\"wp-block-image size-full is-resized\"><img decoding=\"async\" loading=\"lazy\" width=\"414\" height=\"275\" src=\"https:\/\/banuozelustun.com\/wp-content\/uploads\/2023\/10\/image-1.jpeg\" alt=\"Bu g\u00f6rsel bo\u015f bir alt niteli\u011fe sahip; dosya ad\u0131 IMG_5284.jpg\" class=\"wp-image-458\" style=\"aspect-ratio:1.5054545454545454;width:437px;height:auto\" srcset=\"https:\/\/banuozelustun.com\/wp-content\/uploads\/2023\/10\/image-1.jpeg 414w, https:\/\/banuozelustun.com\/wp-content\/uploads\/2023\/10\/image-1-300x199.jpeg 300w\" sizes=\"(max-width: 414px) 100vw, 414px\" \/><\/figure>\n\n\n<h2><strong>Fzt. Banu \u00d6zel \u00dcst\u00fcn (M.Sc. PT.)<\/strong><\/h2>\n<p>\u00a0<\/p>\n\n\n<\/p>\n<h3 class=\"wp-block-heading\">2001 y\u0131l\u0131nda \u0130stanbul \u00dcniversitesi \u00c7apa T\u0131p Fak\u00fcltesi, Fizik Tedavi ve Rehabilitasyon b\u00f6l\u00fcm\u00fcnden mezun oldu\u011fumdan bu yana ortopedik ve sportif sakatl\u0131klar\u0131n de\u011ferlendirilmesi ve tedavileri \u00fczerine yurti\u00e7i ve yurtd\u0131\u015f\u0131nda, hastane ve kliniklerde hizmet verdim.<\/h3>\n<p>\n\n\n\n<\/p>\n<h3 class=\"wp-block-heading\">2005 y\u0131l\u0131nda Marmara \u00dcniversitesi Sa\u011fl\u0131k Bilimleri Enstit\u00fcs\u00fc, Beden E\u011fitimi ve Spor Y\u00fcksek Lisans e\u011fitimimi tamamlad\u0131m.<\/h3>\n<h3>\n\n<\/h3>\n<h3 class=\"wp-block-heading\">Mesle\u011fini \u00e7ok seven bir fizyoterapist olarak s\u00fcrekli g\u00fcncel makaleler ve mesleki kurslar\u0131 takip ederek, dan\u0131\u015fanlar\u0131m\u0131 istenilen sa\u011fl\u0131kl\u0131 aktivite seviyesine geri d\u00f6nd\u00fcrmeyi bir \u00f6ncelik edindim.<\/h3>\n<h3>\n\n \n\n<\/h3>\n<h3 class=\"wp-block-heading\">2010 y\u0131l\u0131nda Norve\u00e7 Sa\u011fl\u0131k Bakanl\u0131\u011f\u0131&#8217;ndan diploma denkliklerimi alarak \u00e7e\u015fitli d\u00f6nemlerde yurtd\u0131\u015f\u0131nda \u00e7al\u0131\u015fma f\u0131rsat\u0131 da buldum.<\/h3>\n<h3>Kurum felsefemiz en do\u011fru ve isabetli olan egzersiz y\u00f6ntemlerini belirleyip, ya\u015fam kalitenizi artt\u0131rmakt\u0131r.<\/h3>\n<h3>\n\n<\/h3>\n<p>\n\n\n\n<figure class=\"wp-block-image size-full is-resized\"><img decoding=\"async\" loading=\"lazy\" width=\"828\" height=\"830\" src=\"https:\/\/banuozelustun.com\/wp-content\/uploads\/2023\/10\/burcin-karakaya-foto.jpeg\" alt=\"\" class=\"wp-image-437\" style=\"aspect-ratio:0.9975903614457832;width:252px;height:auto\" srcset=\"https:\/\/banuozelustun.com\/wp-content\/uploads\/2023\/10\/burcin-karakaya-foto.jpeg 828w, https:\/\/banuozelustun.com\/wp-content\/uploads\/2023\/10\/burcin-karakaya-foto-300x300.jpeg 300w, https:\/\/banuozelustun.com\/wp-content\/uploads\/2023\/10\/burcin-karakaya-foto-150x150.jpeg 150w, https:\/\/banuozelustun.com\/wp-content\/uploads\/2023\/10\/burcin-karakaya-foto-768x770.jpeg 768w\" sizes=\"(max-width: 828px) 100vw, 828px\" \/><\/figure>\n\n\n<h2><strong>Fzt. Bur\u00e7in Karakaya<\/strong><\/p>\n\n\n<\/h2>\n<p>\n\n<\/p>\n<h3 class=\"wp-block-heading\">2017 y\u0131l\u0131nda \u0130stanbul Hali\u00e7 \u00dcniversitesi Fizyoterapi ve Rehabilitasyon b\u00f6l\u00fcm\u00fcn\u00fcnden mezun oldum. Geli\u015fime ve \u00f6\u011frenmeye a\u00e7\u0131k yap\u0131m ile sevdi\u011fim mesle\u011fi en iyi \u015fekilde icraa etmek amac\u0131yla \u00e7al\u0131\u015fmalar\u0131m\u0131 ger\u00e7ekle\u015ftirdim. Bu ba\u011flamda \u00f6\u011frencisi oldu\u011fum Prof Dr. Tahsin Beyzadeo\u011flu&#8217;nun fizyoterapisti olarak uzun y\u0131llar \u0130stanbul&#8217;da Beyzadeo\u011flu Klinikte \u00e7al\u0131\u015fma hayat\u0131ma devam ettim.Sonras\u0131nda Eski\u015fehir&#8217;e d\u00f6nerek kariyerime kendi \u015fehrimde devam etme karar\u0131 ald\u0131m.<\/h3>\n<h3 class=\"wp-block-heading\">\n\n \n\n<\/h3>\n<h3>S\u00fcrekli geli\u015fen ve de\u011fi\u015fen d\u00fcnyada alan\u0131mla ilgili geli\u015fmeleri heyecanla takip ederek sertifika ve staj programlar\u0131na kat\u0131l\u0131m sa\u011flad\u0131m. Bunlar s\u0131ras\u0131yla;<\/h3>\n<h3 class=\"wp-block-heading\">\n\n \n\n<\/h3>\n<h3>Staj Tecr\u00fcbelerim<\/h3>\n<h3 class=\"wp-block-heading\">\n\n \n\n<\/h3>\n<ul>\n<li>2015 Eski\u015fehir \u00d6zel \u00dcmit T\u0131p Merkezi<\/li>\n<\/ul>\n<h3 class=\"wp-block-heading\">\n\n \n\n<\/h3>\n<ul>\n<li>2016 Ankara G\u00fclhane Askeri T\u0131p Akademisi<\/li>\n<\/ul>\n<h3 class=\"wp-block-heading\">\n\n \n\n<\/h3>\n<ul>\n<li>2016 \u0130stanbul Ya\u011fmur \u00c7ocuklar\u0131 Rehabilitasyon Merkezi<\/li>\n<\/ul>\n<h3 class=\"wp-block-heading\">\n\n \n\n<\/h3>\n<ul>\n<li>2016 \u0130stanbul ESHA \u00d6zel T\u0131p Merkezi<\/li>\n<\/ul>\n<h3 class=\"wp-block-heading\">\n\n \n\n<\/h3>\n<ul>\n<li>2017 \u0130stanbul \u00c7apa T\u0131p Fak\u00fcltesi<\/li>\n<\/ul>\n<h3 class=\"wp-block-heading\">\n\n \n\n<\/h3>\n<ul>\n<li>2017 \u0130stanbul Cerrahpa\u015fa T\u0131p Fak\u00fcltesi<\/li>\n<\/ul>\n<h3 class=\"wp-block-heading\">\n\n \n\n<\/h3>\n<ul>\n<li>2017 \u0130stanbul Okmeydan\u0131 E\u011fitim Ara\u015ft\u0131rma Hastanesi<\/li>\n<\/ul>\n<h3 class=\"wp-block-heading\">\n\n \n\n<\/h3>\n<ul>\n<li>2017 Scandic Occupational Therapy<\/li>\n<\/ul>\n<h3 class=\"wp-block-heading\">\n\n \n\n<\/h3>\n<ul>\n<li>2017 Prof. Dr. Tahsin Beyzadeo\u011flu Muayenahanesi<\/li>\n<\/ul>\n<h3 class=\"wp-block-heading\">\n\n \n\n<\/h3>\n<h3>Kurs ve Sertifikalar\u0131m<\/h3>\n<h3 class=\"wp-block-heading\">\n\n \n\n<\/h3>\n<ul>\n<li>2017 \u0130stanbul Kinesiologic Taping<\/li>\n<\/ul>\n<h3 class=\"wp-block-heading\">\n\n \n\n<\/h3>\n<ul>\n<li>2017 \u0130stanbul Osteopathic Manuel Therapy<\/li>\n<\/ul>\n<h3 class=\"wp-block-heading\">\n\n \n\n<\/h3>\n<ul>\n<li>\n<p>2017 \u0130stanbul Dry Nedling\n\n \n\n<\/p>\n<\/li>\n<li>2017 \u0130stanbul Cupping Therapy<\/li>\n<\/ul>\n<h3 class=\"wp-block-heading\">\n\n \n\n<\/h3>\n<ul>\n<li>2017 \u0130stanbul Fonksiyonel T\u0131p Akademisi Akupunktur<\/li>\n<\/ul>\n<h3 class=\"wp-block-heading\">\n\n \n\n<\/h3>\n<ul>\n<li>2018 \u0130stanbul Spor Travmatolijisi ve Rehabilitasyon 1 Kongresi<\/li>\n<\/ul>\n<h3 class=\"wp-block-heading\">\n\n \n\n<\/h3>\n<ul>\n<li>2019 \u0130stanbul Spor Travmatolijisi ve Rehabilitasyon 2 Kongresi<\/li>\n<\/ul>\n<h3 class=\"wp-block-heading\">\n\n \n\n<\/h3>\n<ul>\n<li>2020 Uluslararasi Nutrigenetik ve Epigenetik Kongresi<\/li>\n<\/ul>\n<h3 class=\"wp-block-heading\">\n\n \n\n<\/h3>\n<h3>\u015eu anda Ortopedi alan\u0131ndaki deneyimlerimle birlikte ISST Schroth terapisti olarak \u00e7al\u0131\u015fmaktan ve beraber yol y\u00fcr\u00fcmekten \u00e7ok mutlu oldu\u011fum Banu han\u0131m ile beraber \u00e7al\u0131\u015fma hayat\u0131ma devam ediyorum.<\/h3>\n<h3 class=\"wp-block-heading\">\n\n \n\n<\/h3>\n<h3>\u00c7al\u0131\u015fma hayat\u0131mda gerek akademik anlamda gerekse bana kazand\u0131rd\u0131\u011f\u0131 tecr\u00fcbeler i\u00e7in, uzun y\u0131llar klini\u011finde \u00e7al\u0131\u015fma f\u0131rsat\u0131 buldu\u011fum Prof. Dr. Tahsin Beyzadeo\u011flu hocama bana katt\u0131klar\u0131 ve \u00f6\u011fretti\u011fi her \u015fey i\u00e7in te\u015fekk\u00fcr\u00fc bir bor\u00e7 bilirim.<\/h3>\n<h3>\n\n<\/h3>\n<p>\n\n\n\n<p><\/p>\n","protected":false},"excerpt":{"rendered":"<p>Fzt. Banu \u00d6zel \u00dcst\u00fcn (M.Sc. PT.) \u00a0 2001 y\u0131l\u0131nda \u0130stanbul \u00dcniversitesi \u00c7apa T\u0131p Fak\u00fcltesi, Fizik Tedavi ve Rehabilitasyon b\u00f6l\u00fcm\u00fcnden mezun oldu\u011fumdan bu yana ortopedik ve sportif sakatl\u0131klar\u0131n de\u011ferlendirilmesi ve tedavileri \u00fczerine yurti\u00e7i ve yurtd\u0131\u015f\u0131nda, hastane ve kliniklerde hizmet verdim. 2005 y\u0131l\u0131nda Marmara \u00dcniversitesi Sa\u011fl\u0131k Bilimleri Enstit\u00fcs\u00fc, Beden E\u011fitimi ve Spor [&hellip;]<\/p>\n","protected":false},"author":2,"featured_media":0,"parent":0,"menu_order":0,"comment_status":"closed","ping_status":"closed","template":"","meta":{"om_disable_all_campaigns":false,"_monsterinsights_skip_tracking":false,"footnotes":""},"aioseo_notices":[],"_links":{"self":[{"href":"https:\/\/banuozelustun.com\/index.php?rest_route=\/wp\/v2\/pages\/20"}],"collection":[{"href":"https:\/\/banuozelustun.com\/index.php?rest_route=\/wp\/v2\/pages"}],"about":[{"href":"https:\/\/banuozelustun.com\/index.php?rest_route=\/wp\/v2\/types\/page"}],"author":[{"embeddable":true,"href":"https:\/\/banuozelustun.com\/index.php?rest_route=\/wp\/v2\/users\/2"}],"replies":[{"embeddable":true,"href":"https:\/\/banuozelustun.com\/index.php?rest_route=%2Fwp%2Fv2%2Fcomments&post=20"}],"version-history":[{"count":25,"href":"https:\/\/banuozelustun.com\/index.php?rest_route=\/wp\/v2\/pages\/20\/revisions"}],"predecessor-version":[{"id":532,"href":"https:\/\/banuozelustun.com\/index.php?rest_route=\/wp\/v2\/pages\/20\/revisions\/532"}],"wp:attachment":[{"href":"https:\/\/banuozelustun.com\/index.php?rest_route=%2Fwp%2Fv2%2Fmedia&parent=20"}],"curies":[{"name":"wp","href":"https:\/\/api.w.org\/{rel}","templated":true}]}}